{"id":36694,"date":"2018-05-24T18:02:06","date_gmt":"2018-05-24T16:02:06","guid":{"rendered":"http:\/\/graficolor.hu\/webshop\/?page_id=36694"},"modified":"2018-05-24T18:02:06","modified_gmt":"2018-05-24T16:02:06","slug":"adatkezelesi-tajekoztato","status":"publish","type":"page","link":"https:\/\/graficolor.hu\/webshop\/adatkezelesi-tajekoztato\/","title":{"rendered":"Adatkezel\u00e9si t\u00e1j\u00e9koztat\u00f3"},"content":{"rendered":"<p>T\u00e1j\u00e9koztatjuk, hogy t\u00e1rsas\u00e1gunk az adatkezel\u00e9s sor\u00e1n a term\u00e9szetes szem\u00e9lyeknek a szem\u00e9lyes adatok kezel\u00e9se tekintet\u00e9ben t\u00f6rt\u00e9n\u0151 v\u00e9delm\u00e9r\u0151l \u00e9s az ilyen adatok szabad \u00e1raml\u00e1s\u00e1r\u00f3l, valamint a 95\/46\/EK rendelet hat\u00e1lyon k\u00edv\u00fcl helyez\u00e9s\u00e9r\u0151l sz\u00f3l\u00f3 az Eur\u00f3pai Parlament \u00e9s a Tan\u00e1cs (EU) 2016\/679 rendelet (2016. \u00e1prilis 27.), valamint az inform\u00e1ci\u00f3s \u00f6nrendelkez\u00e9si jogr\u00f3l \u00e9s az inform\u00e1ci\u00f3szabads\u00e1gr\u00f3l sz\u00f3l\u00f3 2011. \u00e9vi CXII. t\u00f6rv\u00e9ny rendelkez\u00e9seinek megfelel\u0151en j\u00e1r el.<\/p>\n<h2 class=\"western\">Ki kezeli az adataimat?<\/h2>\n<p>Szem\u00e9lyes adatait adatkezel\u0151k\u00e9nt a k\u00f6vetkez\u0151k kezelik:<br \/>\nC\u00e9gn\u00e9v: Graficolor Kft.<br \/>\nSz\u00e9khely: 2890 Tata \u00d6veges u. 11.<br \/>\nLevelez\u00e9si c\u00edm: 2890 Tata, M\u00e1jus 1. \u00fat 6.<br \/>\nAd\u00f3sz\u00e1m: 11190868-2-11<br \/>\nC\u00e9gjegyz\u00e9ksz\u00e1m: 11-09-003376<br \/>\nEl\u00e9rhet\u0151s\u00e9g: webshop@graficolor.hu, info@graficolor.hu<br \/>\nTelefon: +36-34\/587-270<\/p>\n<h2 class=\"western\">Ki f\u00e9rhet hozz\u00e1 az adataimhoz?<\/h2>\n<p>Szem\u00e9lyes adatait kiz\u00e1r\u00f3lag megrendel\u00e9s\u00e9nek teljes\u00edt\u00e9se,web\u00e1ruh\u00e1zunk \u00fczemeltet\u00e9se valamint t\u00f6rv\u00e9nyi k\u00f6telezetts\u00e9geink teljes\u00edt\u00e9se \u00e9rdek\u00e9ben adjuk \u00e1t a k\u00f6vetkez\u0151 \u00fczleti partnereinknek:<\/p>\n<p>Honlapunk fenntart\u00e1s\u00e1hoz, t\u00e1rhely-szolg\u00e1ltat\u00e1shoz:<br \/>\nE.N.S. Informatikai \u00e9s Rendszerintegr\u00e1ci\u00f3s Zrt.\u00a01106 Budapest, Feh\u00e9r \u00fat 10. II. em.<\/p>\n<p>Term\u00e9kek k\u00e9zbes\u00edt\u00e9s\u00e9hez:<br \/>\nMagyar Posta Zrt,\u00a01138 Budapest, Dunavir\u00e1g u. 2-6.<br \/>\nGLS General Logistics Systems Hungary Csomag-Logisztikai Kft.\u00a02351 Als\u00f3n\u00e9medi GLS Eur\u00f3pa u. 2.<\/p>\n<p>K\u00f6nyvel\u00e9s:<br \/>\nV\u00e1ryk\u00f3 Kft.\u00a02800 Tatab\u00e1nya, B\u00e1rdos Lak\u00f3park 4\/A\u00a0Fsz. 4.<\/p>\n<h2 class=\"western\">Mi\u00e9rt kezelik az adataimat? Mennyi ideig kezelik az adataimat?<\/h2>\n<p>Megadott adatait a k\u00f6vetkez\u0151 c\u00e9lokb\u00f3l kezelj\u00fck:<\/p>\n<ol>\n<li>Megrendel\u00e9s teljes\u00edt\u00e9s\u00e9nek c\u00e9lj\u00e1b\u00f3l<br \/>\nAhhoz, hogy az \u00d6n megrendel\u00e9s\u00e9nek eleget tehess\u00fcnk, a k\u00f6vetkez\u0151 adatokat kell kezeln\u00fcnk:<br \/>\nAz \u00d6n neve, az \u00d6n c\u00edme, az \u00d6n sz\u00e1ll\u00edt\u00e1si c\u00edme, az \u00d6n e-mail c\u00edme, az \u00d6n telefonsz\u00e1ma, a megrendel\u00e9shez tartoz\u00f3 adatok \u00e9s inform\u00e1ci\u00f3k (mit rendelt, milyen sz\u00e1ll\u00edt\u00e1si m\u00f3dot v\u00e1lasztott, milyen fizet\u00e9si m\u00f3dot v\u00e1lasztott, megjegyz\u00e9s a v\u00e1s\u00e1rl\u00e1s sor\u00e1n).<\/p>\n<hr \/>\n<\/li>\n<li>T\u00f6rv\u00e9nyi k\u00f6telezetts\u00e9geink teljes\u00edt\u00e9se c\u00e9lj\u00e1b\u00f3l<br \/>\nMint minden v\u00e1llalkoz\u00e1st, minket is terhel p\u00e9ld\u00e1ul sz\u00e1mlaad\u00e1si k\u00f6telezetts\u00e9g, j\u00f3t\u00e1ll\u00e1si illetve garanci\u00e1lis k\u00f6telezetts\u00e9g, valamint az \u00d6n el\u00e1ll\u00e1si jog\u00e1hoz f\u0171z\u0151d\u0151 k\u00f6telezetts\u00e9g\u00fcnk. Ezek teljes\u00edt\u00e9se c\u00e9lj\u00e1b\u00f3l kezelj\u00fck a megrendel\u00e9s sor\u00e1n megadott adatait, a t\u00f6rv\u00e9ny \u00e1ltal el\u0151\u00edrt hat\u00e1rid\u0151ig.<\/p>\n<hr \/>\n<\/li>\n<li>Marketing c\u00e9lokb\u00f3l<br \/>\nAz\u00e9rt, hogy \u00d6n r\u00e9szes\u00fclhessen web\u00e1ruh\u00e1zunk ny\u00fajtotta kedvezm\u00e9nyekb\u0151l,kiz\u00e1r\u00f3lag az \u00d6n hozz\u00e1j\u00e1rul\u00e1sa alapj\u00e1n h\u00edrlevelet k\u00fcld\u00fcnk \u00d6nnek. Ebben az esetben kezelj\u00fck az \u00d6n \u00e1ltal megadott keresztnev\u00e9t \u00e9s e-mail c\u00edm\u00e9t, de a h\u00edrlevel\u00fcnkben tal\u00e1lhat\u00f3 \u201cLeiratkoz\u00e1s\u201d linkre kattintva, vagy az info@graficolor.hu e-mail c\u00edmre t\u00f6rt\u00e9n\u0151 k\u00f6zl\u00e9s\u00e9vel hozz\u00e1j\u00e1rul\u00e1s\u00e1t b\u00e1rmikor visszavonhatja.<\/p>\n<hr \/>\n<\/li>\n<li>Min\u0151s\u00e9gbiztos\u00edt\u00e1si c\u00e9lokb\u00f3l<br \/>\nMegrendel\u00e9se el\u0151tt, vagy annak sor\u00e1n tapasztalt pozit\u00edv vagy negat\u00edv \u00e9szrev\u00e9teleit, k\u00e9rd\u00e9seit k\u00f6z\u00f6lheti vel\u00fcnk, az info@graficolor.hu e-mail c\u00edmen,Facebook oldalunkon, vagy a megv\u00e1s\u00e1rolt term\u00e9k adatlapj\u00e1n. \u00c9szrev\u00e9tel\u00e9nek, panasz\u00e1nak k\u00f6zl\u00e9se \u00f6nk\u00e9ntes,<br \/>\ne-mailben k\u00f6z\u00f6lt \u00e9szrev\u00e9tel\u00e9t a megv\u00e1laszol\u00e1st k\u00f6vet\u0151 30. napig,<br \/>\nFacebook oldalunkon k\u00f6z\u00f6lt \u00e9szrev\u00e9tel\u00e9t az \u00d6n \u00e1ltal val\u00f3 t\u00f6rl\u00e9s\u00e9ig,<br \/>\nterm\u00e9keink adatlapj\u00e1n k\u00f6z\u00f6lt \u00e9szrev\u00e9tel\u00e9t az \u00d6n visszavon\u00e1s\u00e1ig<br \/>\nkezelj\u00fck.<\/p>\n<hr \/>\n<\/li>\n<li>Egy\u00e9b c\u00e9lokb\u00f3l<br \/>\nMegadott adatait a fent megjel\u00f6lt c\u00e9lokb\u00f3l kezelj\u00fck, kiv\u00e9teles esetben, alkalomszer\u0171en kezelhetj\u00fck egy\u00e9b c\u00e9lokb\u00f3l, p\u00e9ld\u00e1ul biztons\u00e1gi \u00e9rtes\u00edt\u00e9sek k\u00fcld\u00e9se c\u00e9lj\u00e1b\u00f3l.<\/li>\n<\/ol>\n<h2 class=\"western\">Milyen jogaim vannak az adatkezel\u00e9ssel kapcsolatban?<\/h2>\n<p>Az \u00d6n jogai a k\u00f6vetkez\u0151k:<\/p>\n<ol>\n<li>El\u0151zetes t\u00e1j\u00e9koztat\u00e1shoz val\u00f3 jog, joggyakorl\u00e1s seg\u00edt\u00e9s\u00e9nek joga<br \/>\n\u00d6nnek joga van ahhoz, hogy adatait csak azt k\u00f6vet\u0151en kezelj\u00fck, hogy err\u0151l \u00d6nt t\u00e1j\u00e9koztattuk.<br \/>\n\u00d6nnek joga van ahhoz, hogy seg\u00edts\u00e9g\u00e9re legy\u00fcnk, \u00e9s ne akad\u00e1lyozzuk jogai \u00e9rv\u00e9nyes\u00edt\u00e9s\u00e9t.<br \/>\n\u00d6nnek joga van tudni, ki, milyen c\u00e9lb\u00f3l \u00e9s meddig kezeli az \u00d6n adatait.<\/p>\n<hr \/>\n<\/li>\n<li>Hozz\u00e1f\u00e9r\u00e9s joga<br \/>\n\u00d6nnek joga t\u00e1j\u00e9koztat\u00e1st k\u00e9rni arr\u00f3l, hogy adatait kezelj\u00fck-e, valamint arr\u00f3l, hogy adataihoz kik, milyen c\u00e9lb\u00f3l, mennyi ideig f\u00e9rnek hozz\u00e1.<\/p>\n<hr \/>\n<\/li>\n<li>Helyesb\u00edt\u00e9shez val\u00f3 jog<br \/>\n\u00d6nnek joga van ahhoz, hogy ha adatait pontatlanul kezelj\u00fck, az adatainak helyesb\u00edt\u00e9s\u00e9t, jav\u00edt\u00e1s\u00e1t k\u00e9rje t\u0151l\u00fcnk, \u00e9s mi ezt teljes\u00edts\u00fck.<\/p>\n<hr \/>\n<\/li>\n<li>T\u00f6rl\u00e9shez val\u00f3 jog<br \/>\n\u00d6nnek joga van ahhoz, hogy<br \/>\n\u2013 hozz\u00e1j\u00e1rul\u00e1s alapj\u00e1n kezelt adatainak t\u00f6rl\u00e9s\u00e9t k\u00e9rje b\u00e1rmikor<br \/>\n\u2013 m\u00e1s jogalappal kezelt adatait jogszab\u00e1lyban, vagy ebben a t\u00e1j\u00e9koztat\u00f3ban szerepl\u0151 id\u0151n bel\u00fcl<br \/>\nt\u00f6r\u00f6lj\u00fck.<\/p>\n<hr \/>\n<\/li>\n<li>Adatkezel\u00e9s korl\u00e1toz\u00e1s\u00e1hoz val\u00f3 jog<br \/>\n\u00d6nnek joga van ahhoz, hogy korl\u00e1tozzuk az adatkezel\u00e9st, ha<br \/>\n\u2013 \u00d6n vitatja az adatok pontoss\u00e1g\u00e1t, az adatok pontoss\u00e1g\u00e1nak ellen\u0151rz\u00e9s\u00e9ig,<br \/>\n\u2013 ha jogellenesen kezeln\u00e9nk az adatait, \u00e9s \u00d6n t\u00f6rl\u00e9s helyett korl\u00e1toz\u00e1st k\u00e9r,<br \/>\n\u2013 ha nek\u00fcnk nincs sz\u00fcks\u00e9g\u00fcnk az adatkezel\u00e9sre, de \u00d6n szeretn\u00e9, ha nem t\u00f6r\u00f6ln\u00e9nk, mert p\u00e9ld\u00e1ul jogi ig\u00e9nyeinek el\u0151terjeszt\u00e9s\u00e9hez, v\u00e9delm\u00e9hez, \u00e9rv\u00e9nyes\u00edt\u00e9s\u00e9hez ig\u00e9nyli,<br \/>\n\u2013 ha \u00d6n tiltakozik az adatkezel\u00e9s ellen, az adatkezel\u00e9st korl\u00e1tozzuk, am\u00edg ki nem der\u00fcl, hogy tiltakoz\u00e1sa jogos-e, vagy hogy \u00d6nnek er\u0151sebb a joga adatai t\u00f6rl\u00e9s\u00e9hez, vagy nek\u00fcnk az adatkezel\u00e9shez.<\/p>\n<hr \/>\n<\/li>\n<li>Az \u00e9rtes\u00edt\u00e9shez val\u00f3 jog<br \/>\n\u00d6nnek joga van ahhoz, hogy \u00e9rtes\u00edt\u00e9st kapjon t\u0151l\u00fcnk<br \/>\n\u2013 adatai helyesb\u00edt\u00e9s\u00e9r\u0151l<br \/>\n\u2013 adatai t\u00f6rl\u00e9s\u00e9r\u0151l<br \/>\n\u2013 az adatkezel\u00e9s korl\u00e1toz\u00e1s\u00e1r\u00f3l<br \/>\n\u2013 az adatv\u00e9delmi incidensr\u0151l, amely \u00e9rinti szem\u00e9lyes adatait.<\/p>\n<hr \/>\n<\/li>\n<li>Hordozhat\u00f3s\u00e1ghoz val\u00f3 jog<br \/>\n\u00d6nnek joga van ahhoz, hogy \u00e1ltalunk kezelt adatait hordozhat\u00f3, sz\u00e1m\u00edt\u00f3g\u00e9p \u00e1ltal feldolgozhat\u00f3 form\u00e1tumban kik\u00e9rje. Ezt a jog\u00e1t \u00fagy \u00e9rv\u00e9nyes\u00edtheti, hogy e-mailben k\u00e9ri t\u0151l\u00fcnk.<\/p>\n<hr \/>\n<\/li>\n<li>Tiltakoz\u00e1shoz val\u00f3 jog<br \/>\n\u00d6nnek joga van tiltakozni az adatkezel\u00e9s ellen.<\/p>\n<hr \/>\n<\/li>\n<li>Hat\u00f3s\u00e1gi jogorvoslathoz val\u00f3 jog<br \/>\n\u00d6nnek joga van az adatkezel\u00e9ssel kapcsolatban panasszal, jogorvoslattal \u00e9lni a hat\u00f3s\u00e1g fel\u00e9.<br \/>\nA hat\u00f3s\u00e1g el\u00e9rhet\u0151s\u00e9ge:<br \/>\nNemzeti Adatv\u00e9delmi \u00e9s Inform\u00e1ci\u00f3szabads\u00e1g Hat\u00f3s\u00e1g,<br \/>\nposta c\u00edm:1530 Budapest, Pf.: 5.<br \/>\nc\u00edm:1125 Budapest, Szil\u00e1gyi Erzs\u00e9bet fasor 22\/c<br \/>\nTelefon:+36 (1) 391-1400<br \/>\nFax:+36 (1) 391-1410<br \/>\nE-mail:ugyfelszolgalat@naih.hu<br \/>\nURL: http:\/\/naih.hu<\/p>\n<hr \/>\n<\/li>\n<li>A fel\u00fcgyeleti hat\u00f3s\u00e1ggal szembeni hat\u00e9kony b\u00edr\u00f3s\u00e1gi jogorvoslathoz val\u00f3 jog<br \/>\n\u00d6nnek joga van a hat\u00f3s\u00e1g d\u00f6nt\u00e9s\u00e9vel szemben b\u00edr\u00f3s\u00e1gi jogorvoslathoz.<\/p>\n<hr \/>\n<\/li>\n<li>Az adatkezel\u0151vel vagy az adatfeldolgoz\u00f3val szembeni hat\u00e9kony b\u00edr\u00f3s\u00e1gi jogorvoslathoz val\u00f3 jog<br \/>\n\u00d6nnek joga van vel\u00fcnk, az adatfeldolgoz\u00f3inkkal szemben b\u00edr\u00f3s\u00e1gi jogorvoslathoz.<\/li>\n<\/ol>\n","protected":false},"excerpt":{"rendered":"<p>T\u00e1j\u00e9koztatjuk, hogy t\u00e1rsas\u00e1gunk az adatkezel\u00e9s sor\u00e1n a term\u00e9szetes szem\u00e9lyeknek a szem\u00e9lyes adatok kezel\u00e9se tekintet\u00e9ben t\u00f6rt\u00e9n\u0151 v\u00e9delm\u00e9r\u0151l \u00e9s az ilyen adatok szabad \u00e1raml\u00e1s\u00e1r\u00f3l, valamint a 95\/46\/EK rendelet hat\u00e1lyon k\u00edv\u00fcl helyez\u00e9s\u00e9r\u0151l sz\u00f3l\u00f3 az Eur\u00f3pai Parlament \u00e9s a Tan\u00e1cs (EU) 2016\/679 rendelet (2016. \u00e1prilis 27.), valamint az inform\u00e1ci\u00f3s \u00f6nrendelkez\u00e9si jogr\u00f3l \u00e9s az inform\u00e1ci\u00f3szabads\u00e1gr\u00f3l sz\u00f3l\u00f3 2011. \u00e9vi CXII. t\u00f6rv\u00e9ny [&hellip;]<\/p>\n","protected":false},"author":1,"featured_media":0,"parent":0,"menu_order":0,"comment_status":"closed","ping_status":"closed","template":"","meta":[],"_links":{"self":[{"href":"https:\/\/graficolor.hu\/webshop\/wp-json\/wp\/v2\/pages\/36694"}],"collection":[{"href":"https:\/\/graficolor.hu\/webshop\/wp-json\/wp\/v2\/pages"}],"about":[{"href":"https:\/\/graficolor.hu\/webshop\/wp-json\/wp\/v2\/types\/page"}],"author":[{"embeddable":true,"href":"https:\/\/graficolor.hu\/webshop\/wp-json\/wp\/v2\/users\/1"}],"replies":[{"embeddable":true,"href":"https:\/\/graficolor.hu\/webshop\/wp-json\/wp\/v2\/comments?post=36694"}],"version-history":[{"count":0,"href":"https:\/\/graficolor.hu\/webshop\/wp-json\/wp\/v2\/pages\/36694\/revisions"}],"wp:attachment":[{"href":"https:\/\/graficolor.hu\/webshop\/wp-json\/wp\/v2\/media?parent=36694"}],"curies":[{"name":"wp","href":"https:\/\/api.w.org\/{rel}","templated":true}]}}